{"id":2895,"date":"2025-07-03T21:17:30","date_gmt":"2025-07-03T18:17:30","guid":{"rendered":"https:\/\/dominiiklased.ee\/brat-alain\/"},"modified":"2025-09-01T21:20:10","modified_gmt":"2025-09-01T18:20:10","slug":"brat-alain","status":"publish","type":"page","link":"https:\/\/dominiiklased.ee\/pl\/brat-alain\/","title":{"rendered":"Brat Alain"},"content":{"rendered":"\t\t<div data-elementor-type=\"wp-page\" data-elementor-id=\"2895\" class=\"elementor elementor-2895 elementor-2683\">\n\t\t\t\t<div class=\"aux-parallax-section elementor-element elementor-element-46e1247 e-flex e-con-boxed e-con e-parent\" data-id=\"46e1247\" data-element_type=\"container\" data-e-type=\"container\">\n\t\t\t\t\t<div class=\"e-con-inner\">\n\t\t<div class=\"elementor-element elementor-element-baae426 e-con-full e-flex e-con e-child\" data-id=\"baae426\" data-element_type=\"container\" data-e-type=\"container\">\n\t\t\t\t<div class=\"elementor-element elementor-element-ab98aaa aux-appear-watch-animation aux-fade-in-up elementor-widget elementor-widget-aux_modern_heading\" data-id=\"ab98aaa\" data-element_type=\"widget\" data-e-type=\"widget\" data-widget_type=\"aux_modern_heading.default\">\n\t\t\t\t<div class=\"elementor-widget-container\">\n\t\t\t\t\t<section class=\"aux-widget-modern-heading\">\n            <div class=\"aux-widget-inner\"><h2 class=\"aux-modern-heading-primary\">Dominikanie w Estonii<\/h2><h3 class=\"aux-modern-heading-secondary\"><span class=\"aux-head-before\">Brat Alain Arnould OP<\/span><\/h3><div class=\"aux-modern-heading-divider\"><\/div><div class=\"aux-modern-heading-description\"><p>\u00b0 Brugia (Belgia) 1961<br> Doktor Historii Sztuki<\/p><p><br>1993 wst\u0105pi\u0142 do Zakonu Kaznodziejskiego (Ordo Praedicatorum \u2013 Dominikanie)<br> W 1999 roku przyj\u0105\u0142 \u015bwi\u0119cenia kap\u0142a\u0144skie w Ko\u015bciele rzymskokatolickim.<br> 2001\u20132017 Kapelan artyst\u00f3w (Bruksela)<br> 2017\u20132024 Doradca Mistrza Europejskiego Zakonu Kaznodziejskiego (Rzym)<br> 2024\u2013obecnie przydzielony do klasztoru \u015bw. Katarzyny w Tallinie (prowincja francuska Zakonu Kaznodziejskiego) <\/p><\/div><\/div>\n        <\/section>\t\t\t\t<\/div>\n\t\t\t\t<\/div>\n\t\t\t\t<div class=\"elementor-element elementor-element-1a4d2e0 elementor-widget elementor-widget-aux_modern_button\" data-id=\"1a4d2e0\" data-element_type=\"widget\" data-e-type=\"widget\" data-widget_type=\"aux_modern_button.default\">\n\t\t\t\t<div class=\"elementor-widget-container\">\n\t\t\t\t\t    <div class=\"aux-modern-button-wrapper aux-modern-button-align-left\" >\n                    <a class=\"aux-modern-button aux-white aux-modern-button-md aux-modern-button-normal aux-modern-button-default aux-icon-left\" href=\"https:\/\/dominiiklased.ee\/wp-content\/uploads\/2025\/07\/Vend-Alain-Arnould-OP.pdf\">\n                <div class=\"aux-overlay\"><\/div>\n                                    <div class=\"aux-icon \">\n                        <i aria-hidden=\"true\" class=\"far fa-file-pdf\"><\/i>                    <\/div>\n                                <div class=\"aux-text\">\n<span class=\"aux-text-before\">CV Alaina Arnoulda<\/span>                <\/div>\n            <\/a>\n            \n    <\/div>\n\n    \t\t\t\t<\/div>\n\t\t\t\t<\/div>\n\t\t\t\t<\/div>\n\t\t<div class=\"elementor-element elementor-element-3704b04 aux-appear-watch-animation aux-scale-down e-con-full e-flex e-con e-child\" data-id=\"3704b04\" data-element_type=\"container\" data-e-type=\"container\">\n\t\t\t\t<div class=\"elementor-element elementor-element-8db1082 elementor-widget elementor-widget-aux_image\" data-id=\"8db1082\" data-element_type=\"widget\" data-e-type=\"widget\" data-widget_type=\"aux_image.default\">\n\t\t\t\t<div class=\"elementor-widget-container\">\n\t\t\t\t\t<section class=\"widget-container aux-widget-image aux-alignnone aux-parent-aue683661e\">\n    <div class=\"aux-media-hint-frame \">\n        <div class=\"aux-media-image  aux-tilt-box\" >\n        \n            \n\n            \n            <img fetchpriority=\"high\" decoding=\"async\" width=\"407\" height=\"403\" src=\"data:image\/gif;base64,R0lGODlhAQABAIAAAAAAAP\/\/\/yH5BAEAAAAALAAAAAABAAEAAAIBRAA7\" class=\"aux-attachment aux-featured-image aux-attachment-id-2685 aux-preload aux-blank\" alt=\"Vend Alain Arnould OP\" data-ratio=\"1.01\" data-original-w=\"407\" data-src=\"https:\/\/dominiiklased.ee\/wp-content\/uploads\/2025\/07\/Alain.jpg\" \/>            \n                <\/div>\n    <\/div>\n\n<\/section><!-- widget-container -->\t\t\t\t<\/div>\n\t\t\t\t<\/div>\n\t\t\t\t<\/div>\n\t\t\t\t\t<\/div>\n\t\t\t\t<\/div>\n\t\t\t\t<\/div>\n\t\t","protected":false},"excerpt":{"rendered":"<p>Dominikanie w Estonii Brat Alain Arnould OP \u00b0 Brugia (Belgia) 1961 Doktor Historii Sztuki 1993 wst\u0105pi\u0142 do Zakonu Kaznodziejskiego (Ordo Praedicatorum \u2013 Dominikanie) W 1999 roku przyj\u0105\u0142 \u015bwi\u0119cenia kap\u0142a\u0144skie w Ko\u015bciele rzymskokatolickim. 2001\u20132017 Kapelan artyst\u00f3w (Bruksela) 2017\u20132024 Doradca Mistrza Europejskiego Zakonu Kaznodziejskiego (Rzym) 2024\u2013obecnie przydzielony do klasztoru \u015bw. Katarzyny w Tallinie (prowincja francuska Zakonu Kaznodziejskiego) [&hellip;]<\/p>\n","protected":false},"author":2,"featured_media":0,"parent":0,"menu_order":0,"comment_status":"closed","ping_status":"closed","template":"templates\/page-builder-content.php","meta":{"footnotes":""},"class_list":["post-2895","page","type-page","status-publish","hentry"],"_links":{"self":[{"href":"https:\/\/dominiiklased.ee\/pl\/wp-json\/wp\/v2\/pages\/2895","targetHints":{"allow":["GET"]}}],"collection":[{"href":"https:\/\/dominiiklased.ee\/pl\/wp-json\/wp\/v2\/pages"}],"about":[{"href":"https:\/\/dominiiklased.ee\/pl\/wp-json\/wp\/v2\/types\/page"}],"author":[{"embeddable":true,"href":"https:\/\/dominiiklased.ee\/pl\/wp-json\/wp\/v2\/users\/2"}],"replies":[{"embeddable":true,"href":"https:\/\/dominiiklased.ee\/pl\/wp-json\/wp\/v2\/comments?post=2895"}],"version-history":[{"count":4,"href":"https:\/\/dominiiklased.ee\/pl\/wp-json\/wp\/v2\/pages\/2895\/revisions"}],"predecessor-version":[{"id":3439,"href":"https:\/\/dominiiklased.ee\/pl\/wp-json\/wp\/v2\/pages\/2895\/revisions\/3439"}],"wp:attachment":[{"href":"https:\/\/dominiiklased.ee\/pl\/wp-json\/wp\/v2\/media?parent=2895"}],"curies":[{"name":"wp","href":"https:\/\/api.w.org\/{rel}","templated":true}]}}