{"id":2849,"date":"2025-07-03T22:38:59","date_gmt":"2025-07-03T19:38:59","guid":{"rendered":"https:\/\/dominiiklased.ee\/grupa-pier-giorgio-frassati\/"},"modified":"2025-08-05T21:48:15","modified_gmt":"2025-08-05T18:48:15","slug":"grupa-pier-giorgio-frassati","status":"publish","type":"page","link":"https:\/\/dominiiklased.ee\/pl\/grupa-pier-giorgio-frassati\/","title":{"rendered":"Grupa Pier Giorgio Frassati"},"content":{"rendered":"\t\t<div data-elementor-type=\"wp-page\" data-elementor-id=\"2849\" class=\"elementor elementor-2849 elementor-2752\">\n\t\t\t\t<div class=\"aux-parallax-section elementor-element elementor-element-46e1247 e-flex e-con-boxed e-con e-parent\" data-id=\"46e1247\" data-element_type=\"container\" data-e-type=\"container\">\n\t\t\t\t\t<div class=\"e-con-inner\">\n\t\t<div class=\"elementor-element elementor-element-baae426 e-con-full e-flex e-con e-child\" data-id=\"baae426\" data-element_type=\"container\" data-e-type=\"container\">\n\t\t\t\t<div class=\"elementor-element elementor-element-ab98aaa aux-appear-watch-animation aux-fade-in-up elementor-widget elementor-widget-aux_modern_heading\" data-id=\"ab98aaa\" data-element_type=\"widget\" data-e-type=\"widget\" data-widget_type=\"aux_modern_heading.default\">\n\t\t\t\t<div class=\"elementor-widget-container\">\n\t\t\t\t\t<section class=\"aux-widget-modern-heading\">\n            <div class=\"aux-widget-inner\"><h2 class=\"aux-modern-heading-primary\">Dominikanie w Estonii<\/h2><h3 class=\"aux-modern-heading-secondary\"><span class=\"aux-head-before\">Grupa Pier Giorgio Frassati<\/span><\/h3><div class=\"aux-modern-heading-divider\"><\/div><div class=\"aux-modern-heading-description\"><p>M\u0142ody \u015bwiecki dominikanin, \u015bwi\u0119ty Pier Giorgio Frassati (1901\u20131925), da\u0142 swoje imi\u0119 grupie m\u0142odych angloj\u0119zycznych profesjonalist\u00f3w, kt\u00f3rzy spotykaj\u0105 si\u0119 w pierwszy czwartek ka\u017cdego miesi\u0105ca (patrz kalendarz) w klasztorze dominika\u0144skim w Tallinie. Ka\u017cde spotkanie sk\u0142ada si\u0119 z modlitwy, dyskusji na tematy chrze\u015bcija\u0144skie i posi\u0142ku. <\/p><p><br>Je\u015bli masz mniej ni\u017c 35 lat, m\u00f3wisz po angielsku (niezale\u017cnie od tego, czy jeste\u015b Esto\u0144czykiem czy obcokrajowcem) i jeste\u015b zainteresowany pog\u0142\u0119bianiem wiary chrze\u015bcija\u0144skiej, skontaktuj si\u0119 z bratem Alainem: <a href=\"mailto:aefmgarnould@gmail.com\">aefmgarnould@gmail.com<\/a> .<\/p><p><br>Temat tegorocznej dyskusji: \u201eJaki jest sens bycia chrze\u015bcijaninem?\u201d Przed ka\u017cdym spotkaniem przygotowujemy si\u0119 do dyskusji, czytaj\u0105c rozdzia\u0142 z ksi\u0105\u017cki kardyna\u0142a Timothy\u2019ego Radcliffe\u2019a \u201eJaki jest sens bycia chrze\u015bcijaninem?\u201d. Miejsce spotkania: Klasztor Dominikan\u00f3w, M\u00fc\u00fcrivahe 33, Tallin.<\/p><\/div><\/div>\n        <\/section>\t\t\t\t<\/div>\n\t\t\t\t<\/div>\n\t\t\t\t<\/div>\n\t\t<div class=\"elementor-element elementor-element-3704b04 aux-appear-watch-animation aux-scale-down e-con-full e-flex e-con e-child\" data-id=\"3704b04\" data-element_type=\"container\" data-e-type=\"container\">\n\t\t\t\t<div class=\"elementor-element elementor-element-8db1082 elementor-widget elementor-widget-aux_image\" data-id=\"8db1082\" data-element_type=\"widget\" data-e-type=\"widget\" data-widget_type=\"aux_image.default\">\n\t\t\t\t<div class=\"elementor-widget-container\">\n\t\t\t\t\t<section class=\"widget-container aux-widget-image aux-alignnone aux-parent-au00b68a84\">\n    <div class=\"aux-media-hint-frame \">\n        <div class=\"aux-media-image  aux-tilt-box\" >\n        \n            \n\n            \n            <img fetchpriority=\"high\" decoding=\"async\" width=\"1866\" height=\"2560\" src=\"data:image\/gif;base64,R0lGODlhAQABAIAAAAAAAP\/\/\/yH5BAEAAAAALAAAAAABAAEAAAIBRAA7\" class=\"aux-attachment aux-featured-image aux-attachment-id-2754 aux-preload aux-blank\" alt=\"Foto Pier Giorgio Frassati\" data-ratio=\"0.73\" data-original-w=\"1866\" data-src=\"https:\/\/dominiiklased.ee\/wp-content\/uploads\/2025\/07\/Foto-Pier-Giorgio-Frassati-scaled.jpeg\" \/>            \n                <\/div>\n    <\/div>\n\n<\/section><!-- widget-container -->\t\t\t\t<\/div>\n\t\t\t\t<\/div>\n\t\t\t\t<div class=\"elementor-element elementor-element-3099210 elementor-widget elementor-widget-aux_image\" data-id=\"3099210\" data-element_type=\"widget\" data-e-type=\"widget\" data-widget_type=\"aux_image.default\">\n\t\t\t\t<div class=\"elementor-widget-container\">\n\t\t\t\t\t<section class=\"widget-container aux-widget-image aux-alignnone aux-parent-au06db641a\">\n    <div class=\"aux-media-hint-frame \">\n        <div class=\"aux-media-image \" >\n        \n            \n\n            \n            <img decoding=\"async\" width=\"1414\" height=\"2000\" src=\"https:\/\/dominiiklased.ee\/wp-content\/uploads\/2025\/07\/Poster-Pier-Giorgio-Frassati-Group.jpg\" class=\"aux-attachment aux-featured-image aux-attachment-id-3039\" alt=\"Poster Pier Giorgio Frassati Group\" data-ratio=\"0.71\" data-original-w=\"1414\" \/>            \n                <\/div>\n    <\/div>\n\n<\/section><!-- widget-container -->\t\t\t\t<\/div>\n\t\t\t\t<\/div>\n\t\t\t\t<\/div>\n\t\t\t\t\t<\/div>\n\t\t\t\t<\/div>\n\t\t\t\t<\/div>\n\t\t","protected":false},"excerpt":{"rendered":"<p>Dominikanie w Estonii Grupa Pier Giorgio Frassati M\u0142ody \u015bwiecki dominikanin, \u015bwi\u0119ty Pier Giorgio Frassati (1901\u20131925), da\u0142 swoje imi\u0119 grupie m\u0142odych angloj\u0119zycznych profesjonalist\u00f3w, kt\u00f3rzy spotykaj\u0105 si\u0119 w pierwszy czwartek ka\u017cdego miesi\u0105ca (patrz kalendarz) w klasztorze dominika\u0144skim w Tallinie. Ka\u017cde spotkanie sk\u0142ada si\u0119 z modlitwy, dyskusji na tematy chrze\u015bcija\u0144skie i posi\u0142ku. Je\u015bli masz mniej ni\u017c 35 lat, [&hellip;]<\/p>\n","protected":false},"author":2,"featured_media":0,"parent":0,"menu_order":0,"comment_status":"closed","ping_status":"closed","template":"templates\/page-builder-content.php","meta":{"footnotes":""},"class_list":["post-2849","page","type-page","status-publish","hentry"],"_links":{"self":[{"href":"https:\/\/dominiiklased.ee\/pl\/wp-json\/wp\/v2\/pages\/2849","targetHints":{"allow":["GET"]}}],"collection":[{"href":"https:\/\/dominiiklased.ee\/pl\/wp-json\/wp\/v2\/pages"}],"about":[{"href":"https:\/\/dominiiklased.ee\/pl\/wp-json\/wp\/v2\/types\/page"}],"author":[{"embeddable":true,"href":"https:\/\/dominiiklased.ee\/pl\/wp-json\/wp\/v2\/users\/2"}],"replies":[{"embeddable":true,"href":"https:\/\/dominiiklased.ee\/pl\/wp-json\/wp\/v2\/comments?post=2849"}],"version-history":[{"count":2,"href":"https:\/\/dominiiklased.ee\/pl\/wp-json\/wp\/v2\/pages\/2849\/revisions"}],"predecessor-version":[{"id":3176,"href":"https:\/\/dominiiklased.ee\/pl\/wp-json\/wp\/v2\/pages\/2849\/revisions\/3176"}],"wp:attachment":[{"href":"https:\/\/dominiiklased.ee\/pl\/wp-json\/wp\/v2\/media?parent=2849"}],"curies":[{"name":"wp","href":"https:\/\/api.w.org\/{rel}","templated":true}]}}