{"id":1500,"date":"2025-02-14T12:57:54","date_gmt":"2025-02-14T10:57:54","guid":{"rendered":"https:\/\/dominiiklased.ee\/tomasz-z-akwinu\/"},"modified":"2025-07-08T22:11:27","modified_gmt":"2025-07-08T19:11:27","slug":"tomasz-z-akwinu","status":"publish","type":"page","link":"https:\/\/dominiiklased.ee\/pl\/tomasz-z-akwinu\/","title":{"rendered":"Tomasz z Akwinu"},"content":{"rendered":"\t\t<div data-elementor-type=\"wp-page\" data-elementor-id=\"1500\" class=\"elementor elementor-1500 elementor-334\">\n\t\t\t\t<div class=\"aux-parallax-section elementor-element elementor-element-46e1247 e-flex e-con-boxed e-con e-parent\" data-id=\"46e1247\" data-element_type=\"container\" data-e-type=\"container\">\n\t\t\t\t\t<div class=\"e-con-inner\">\n\t\t<div class=\"elementor-element elementor-element-baae426 e-con-full e-flex e-con e-child\" data-id=\"baae426\" data-element_type=\"container\" data-e-type=\"container\">\n\t\t\t\t<div class=\"elementor-element elementor-element-ab98aaa aux-appear-watch-animation aux-fade-in-up elementor-widget elementor-widget-aux_modern_heading\" data-id=\"ab98aaa\" data-element_type=\"widget\" data-e-type=\"widget\" data-widget_type=\"aux_modern_heading.default\">\n\t\t\t\t<div class=\"elementor-widget-container\">\n\t\t\t\t\t<section class=\"aux-widget-modern-heading\">\n            <div class=\"aux-widget-inner\"><h2 class=\"aux-modern-heading-primary\">Wybitni Dominikanie<\/h2><h3 class=\"aux-modern-heading-secondary\"><span class=\"aux-head-before\">\u015awi\u0119ty Tomasz z Akwinu (1225\u20131274)  <\/span><span class=\"aux-head-after\">\u2013 filozof i teolog<\/span><\/h3><div class=\"aux-modern-heading-divider\"><\/div><div class=\"aux-modern-heading-description\"><p><span style=\"font-weight: 400\">\u015awi\u0119ty Tomasz z Akwinu by\u0142<\/span> dominika\u0144skim filozofem, teologiem i uczonym.<span style=\"font-weight: 400\">, kt\u00f3ry jest jedn\u0105 z najwa\u017cniejszych postaci w historii my\u015bli zachodniej. Jego wp\u0142yw na teologi\u0119 i filozofi\u0119 katolick\u0105 jest ogromny, a wiele jego idei nadal jest aktualnych. Po\u0142\u0105czy\u0142 filozofi\u0119 Arystotelesa z doktryn\u0105 chrze\u015bcija\u0144sk\u0105 i stworzy\u0142    <\/span>Tomizm <span style=\"font-weight: 400\">, kt\u00f3ry jest oficjalnym systemem filozoficznym i teologicznym Ko\u015bcio\u0142a katolickiego.<\/span><\/p><h4><b>M\u0142odzie\u017c i edukacja<\/b><\/h4><p>Tomasz urodzi\u0142 si\u0119 w 1225 roku w Roccasecca we W\u0142oszech. <span style=\"font-weight: 400\">, kt\u00f3re w tamtym czasie nale\u017ca\u0142o do Kr\u00f3lestwa Sycylii. Pochodzi\u0142 z wp\u0142ywowej rodziny szlacheckiej Akwin\u00f3w i w m\u0142odym wieku zosta\u0142 wys\u0142any na nauk\u0119 do klasztoru benedyktyn\u00f3w na Monte Cassino, poniewa\u017c jego rodzina mia\u0142a wobec niego du\u017ce oczekiwania \u2013 mia\u0142 zosta\u0107 opatem. <\/span><\/p><p><span style=\"font-weight: 400\">Jednak ju\u017c jako m\u0142ody cz\u0142owiek Thomas czu\u0142 powo\u0142anie, by nauczy\u0107 si\u0119 czego\u015b wi\u0119cej. On by\u0142 na czele   <\/span>Uniwersytet w Neapolu<span style=\"font-weight: 400\">, gdzie zetkn\u0105\u0142 si\u0119 z filozofi\u0105 Arystotelesa i naukami dominikan\u00f3w. To w\u0142a\u015bnie tam postanowi\u0142 wkroczy\u0107 do akcji.   <\/span>do zakonu dominikan\u00f3w<span style=\"font-weight: 400\">, co wywo\u0142a\u0142o du\u017cy sprzeciw w jego rodzinie. Bracia porwali go i trzymali w areszcie domowym przez ca\u0142y rok, chc\u0105c zmusi\u0107 go do rezygnacji z zostania mnichem, lecz Tomasz pozosta\u0142 nieugi\u0119ty. W ko\u0144cu rodzina musia\u0142a go wypu\u015bci\u0107, a on poszed\u0142 na studia.    <\/span>Pary\u017c i Kolonia <span style=\"font-weight: 400\">, gdzie r\u00f3wnie\u017c pobiera\u0142 nauki u \u015bw. Alberta Wielkiego.<\/span><\/p><h4><b>Naukowiec i uczony<\/b><\/h4><p>Thomas szybko sta\u0142 si\u0119 uznanym teologiem i filozofem<span style=\"font-weight: 400\">, kt\u00f3ry wyk\u0142ada\u0142 na uniwersytetach w Pary\u017cu, Rzymie i Neapolu. By\u0142 wyj\u0105tkowo p\u0142odnym pisarzem, a jego dzie\u0142a wywar\u0142y g\u0142\u0119boki wp\u0142yw na teologi\u0119 katolick\u0105 i filozofi\u0119 zachodni\u0105. <\/span><\/p><h4><b>Najbardziej znane dzie\u0142a<\/b><\/h4><p><b>Summa Theologiae<\/b> <span style=\"font-weight: 400\">\u2013 jego najs\u0142ynniejsze dzie\u0142o, b\u0119d\u0105ce ogromnym podr\u0119cznikiem teologicznym, podzielonym na trzy cz\u0119\u015bci:<\/span><\/p><ul><li style=\"font-weight: 400\"><span style=\"font-weight: 400\">Natura i istnienie Boga<\/span><\/li><li style=\"font-weight: 400\"><span style=\"font-weight: 400\">natura ludzka i moralno\u015b\u0107<\/span><\/li><li style=\"font-weight: 400\"><span style=\"font-weight: 400\">Chrystus, Odkupienie i Sakramenty<\/span><\/li><\/ul><p><b>Summa Contra Gentiles<\/b> <span style=\"font-weight: 400\">\u2013 dzie\u0142o skierowane przede wszystkim do wyznawc\u00f3w islamu i innych religii, broni\u0105ce wiary chrze\u015bcija\u0144skiej przy pomocy racjonalnych argument\u00f3w.<\/span><\/p><p><b>Komentarze do dzie\u0142 Arystotelesa<\/b> <span style=\"font-weight: 400\">\u2013 Tomasz zinterpretowa\u0142 i rozwin\u0105\u0142 idee Arystotelesa, pokazuj\u0105c, w jaki spos\u00f3b wpisuj\u0105 si\u0119 one w nauk\u0119 chrze\u015bcija\u0144sk\u0105.<\/span><\/p><h4><b>Filozofia i nauczanie<\/b><\/h4><p>Harmonia rozumu i wiary le\u017cy u podstaw filozofii Tomasza z Akwinu. Wierzy\u0142, \u017ce cz\u0142owiek mo\u017ce osi\u0105gn\u0105\u0107 poznanie prawdy poprzez rozum, ale pe\u0142na prawda jest dost\u0119pna tylko poprzez objawienie. <\/p><p>W jego nauczaniu mo\u017cna wyr\u00f3\u017cni\u0107 kilka wa\u017cnych koncepcji:<br> Dowody na istnienie Boga \u2013 pi\u0119\u0107 racjonalnych argument\u00f3w na istnienie Boga (znanych jako \u201ePi\u0119\u0107 dr\u00f3g Akwinaty\u201d).<br> Zwi\u0105zek natury i \u0142aski \u2013 natura ludzka jest dobra, ale potrzebuje \u0142aski Bo\u017cej, aby osi\u0105gn\u0105\u0107 doskona\u0142o\u015b\u0107.<br> Cnoty i etyka <span style=\"font-weight: 400\">\u2013 opiera\u0142a si\u0119 na ideach Arystotelesa, ale \u0142\u0105czy\u0142a je z doktryn\u0105 chrze\u015bcija\u0144sk\u0105.<\/span><\/p><h4><b>Wp\u0142yw i dziedzictwo<\/b><\/h4><p><span style=\"font-weight: 400\">Jego nauki sta\u0142y si\u0119<\/span> <b>oficjaln\u0105 filozofi\u0105 i teologi\u0105 Ko\u015bcio\u0142a katolickiego.<\/b><\/p><p><span style=\"font-weight: 400\">1323. Zosta\u0142 og\u0142oszony \u015bwi\u0119tym w 2011 roku.<\/span><\/p><p><span style=\"font-weight: 400\">1567. W 1511 roku zosta\u0142 Doktorem Ko\u015bcio\u0142a (Doctor Angelicus \u2013 \u201eDoktor Anielski\u201d).<\/span><\/p><p><span style=\"font-weight: 400\">1879. W roku 1811 papie\u017c Leon XIII potwierdzi\u0142, \u017ce tomizm jest oficjaln\u0105 podstaw\u0105 filozofii katolickiej.<\/span><\/p><h4><b>\u015amier\u0107 i kanonizacja<\/b><\/h4><p><span style=\"font-weight: 400\">Tomasz z Akwinu zmar\u0142 7 marca 1274 r. w drodze na sob\u00f3r lyo\u0144ski. Za przyczyn\u0119 jego \u015bmierci uwa\u017ca si\u0119 przem\u0119czenie i os\u0142abienie zdrowia. Jego gr\u00f3b znajduje si\u0119 w Tuluzie we Francji.    <\/span><\/p><h3><b>Dlaczego on jest wa\u017cny?<\/b><\/h3><p><span style=\"font-weight: 400\">My\u015bli i pisma Tomasza z Akwinu wywar\u0142y silny wp\u0142yw na filozofi\u0119 europejsk\u0105 i teologi\u0119 chrze\u015bcija\u0144sk\u0105. Jego idee przetrwa\u0142y w nauczaniu Ko\u015bcio\u0142a katolickiego i wywieraj\u0105 wp\u0142yw na wsp\u00f3\u0142czesnych teolog\u00f3w, filozof\u00f3w i moralist\u00f3w. <\/span><\/p><\/div><\/div>\n        <\/section>\t\t\t\t<\/div>\n\t\t\t\t<\/div>\n\t\t\t\t<\/div>\n\t\t<div class=\"elementor-element elementor-element-3704b04 aux-appear-watch-animation aux-scale-down e-con-full e-flex e-con e-child\" data-id=\"3704b04\" data-element_type=\"container\" data-e-type=\"container\">\n\t\t\t\t<div class=\"elementor-element elementor-element-8db1082 elementor-widget elementor-widget-aux_image\" data-id=\"8db1082\" data-element_type=\"widget\" data-e-type=\"widget\" data-widget_type=\"aux_image.default\">\n\t\t\t\t<div class=\"elementor-widget-container\">\n\t\t\t\t\t<section class=\"widget-container aux-widget-image aux-alignnone aux-parent-aubd4f7813\">\n    <div class=\"aux-media-hint-frame \">\n        <div class=\"aux-media-image \" >\n        \n            \n\n            \n            <img fetchpriority=\"high\" decoding=\"async\" width=\"800\" height=\"1199\" src=\"data:image\/gif;base64,R0lGODlhAQABAIAAAAAAAP\/\/\/yH5BAEAAAAALAAAAAABAAEAAAIBRAA7\" class=\"aux-attachment aux-featured-image aux-attachment-id-324 aux-preload aux-blank\" alt=\"St-thomas-aquinas\" data-ratio=\"0.67\" data-original-w=\"800\" data-src=\"https:\/\/dominiiklased.ee\/wp-content\/uploads\/2025\/02\/St-thomas-aquinas.jpg\" \/>            \n                <\/div>\n    <\/div>\n\n<\/section><!-- widget-container -->\t\t\t\t<\/div>\n\t\t\t\t<\/div>\n\t\t\t\t<div class=\"elementor-element elementor-element-0c5e728 elementor-widget elementor-widget-text-editor\" data-id=\"0c5e728\" data-element_type=\"widget\" data-e-type=\"widget\" data-widget_type=\"text-editor.default\">\n\t\t\t\t<div class=\"elementor-widget-container\">\n\t\t\t\t\t\t\t\t\t<p>https:\/\/et.wikipedia.org\/wiki\/Aquino_Thomas<\/p>\t\t\t\t\t\t\t\t<\/div>\n\t\t\t\t<\/div>\n\t\t\t\t<\/div>\n\t\t\t\t\t<\/div>\n\t\t\t\t<\/div>\n\t\t\t\t<\/div>\n\t\t","protected":false},"excerpt":{"rendered":"<p>Wybitni Dominikanie \u015awi\u0119ty Tomasz z Akwinu (1225\u20131274) \u2013 filozof i teolog \u015awi\u0119ty Tomasz z Akwinu by\u0142 dominika\u0144skim filozofem, teologiem i uczonym., kt\u00f3ry jest jedn\u0105 z najwa\u017cniejszych postaci w historii my\u015bli zachodniej. Jego wp\u0142yw na teologi\u0119 i filozofi\u0119 katolick\u0105 jest ogromny, a wiele jego idei nadal jest aktualnych. Po\u0142\u0105czy\u0142 filozofi\u0119 Arystotelesa z doktryn\u0105 chrze\u015bcija\u0144sk\u0105 i stworzy\u0142 [&hellip;]<\/p>\n","protected":false},"author":1,"featured_media":0,"parent":0,"menu_order":0,"comment_status":"closed","ping_status":"closed","template":"templates\/page-builder-content.php","meta":{"footnotes":""},"class_list":["post-1500","page","type-page","status-publish","hentry"],"_links":{"self":[{"href":"https:\/\/dominiiklased.ee\/pl\/wp-json\/wp\/v2\/pages\/1500","targetHints":{"allow":["GET"]}}],"collection":[{"href":"https:\/\/dominiiklased.ee\/pl\/wp-json\/wp\/v2\/pages"}],"about":[{"href":"https:\/\/dominiiklased.ee\/pl\/wp-json\/wp\/v2\/types\/page"}],"author":[{"embeddable":true,"href":"https:\/\/dominiiklased.ee\/pl\/wp-json\/wp\/v2\/users\/1"}],"replies":[{"embeddable":true,"href":"https:\/\/dominiiklased.ee\/pl\/wp-json\/wp\/v2\/comments?post=1500"}],"version-history":[{"count":5,"href":"https:\/\/dominiiklased.ee\/pl\/wp-json\/wp\/v2\/pages\/1500\/revisions"}],"predecessor-version":[{"id":2930,"href":"https:\/\/dominiiklased.ee\/pl\/wp-json\/wp\/v2\/pages\/1500\/revisions\/2930"}],"wp:attachment":[{"href":"https:\/\/dominiiklased.ee\/pl\/wp-json\/wp\/v2\/media?parent=1500"}],"curies":[{"name":"wp","href":"https:\/\/api.w.org\/{rel}","templated":true}]}}