{"id":2813,"date":"2025-06-13T14:48:13","date_gmt":"2025-06-13T11:48:13","guid":{"rendered":"https:\/\/dominiiklased.ee\/dominicains-en-estonie\/"},"modified":"2026-03-22T20:16:05","modified_gmt":"2026-03-22T18:16:05","slug":"dominicains-en-estonie","status":"publish","type":"page","link":"https:\/\/dominiiklased.ee\/fr\/dominicains-en-estonie\/","title":{"rendered":"Dominicains en Estonie"},"content":{"rendered":"\t\t<div data-elementor-type=\"wp-page\" data-elementor-id=\"2813\" class=\"elementor elementor-2813 elementor-2655\">\n\t\t\t\t<div class=\"aux-parallax-section elementor-element elementor-element-66ef437 e-con-full e-flex e-con e-parent\" data-id=\"66ef437\" data-element_type=\"container\" data-e-type=\"container\" data-settings=\"{&quot;background_background&quot;:&quot;classic&quot;}\">\n\t\t<div class=\"elementor-element elementor-element-1a17ea2 e-con-full e-flex e-con e-child\" data-id=\"1a17ea2\" data-element_type=\"container\" data-e-type=\"container\">\n\t\t\t\t<div class=\"elementor-element elementor-element-86649ed aux-appear-watch-animation aux-fade-in-up elementor-widget elementor-widget-aux_modern_heading\" data-id=\"86649ed\" data-element_type=\"widget\" data-e-type=\"widget\" data-widget_type=\"aux_modern_heading.default\">\n\t\t\t\t<div class=\"elementor-widget-container\">\n\t\t\t\t\t<section class=\"aux-widget-modern-heading\">\n            <div class=\"aux-widget-inner\"><h2 class=\"aux-modern-heading-primary\">\u00c0 PROPOS DE NOS ACTIVIT\u00c9S<\/h2><h3 class=\"aux-modern-heading-secondary\"><span class=\"aux-head-before\">Le dominicainisme en Estonie<\/span><\/h3><div class=\"aux-modern-heading-divider\"><\/div><div class=\"aux-modern-heading-description\"><p>Les fr\u00e8res dominicains arrivent \u00e0 Tallinn en 1226. ou 1229. en 1266, il \u00e9tablit un monast\u00e8re sur la colline de Tompea et s'y installa. dans la ville basse, o\u00f9 subsiste encore une partie de l'\u00e9difice m\u00e9di\u00e9val.   <\/p><p><span style=\"font-weight: 400\">1990. Dans les ann\u00e9es 1990, l'ordre dominicain, ou ordre des Pr\u00eacheurs, connut un regain de popularit\u00e9 en Europe de l'Est : les monast\u00e8res nationalis\u00e9s sous les r\u00e9gimes communistes furent restitu\u00e9s et de jeunes gens, anim\u00e9s par la vocation religieuse, rejoignirent les Dominicains. Ces derniers firent leur retour \u00e0 Tallinn en novembre 1996.  <\/span><\/p><p><span style=\"font-weight: 400\">\u00c0 Tallinn, les fr\u00e8res s'install\u00e8rent sur le site d'un monast\u00e8re m\u00e9di\u00e9val, au 33 rue M\u00fc\u00fcrivahe, o\u00f9 une chapelle fut \u00e9galement construite. Le monast\u00e8re ainsi restaur\u00e9 fut d\u00e9di\u00e9 \u00e0 sainte Catherine de Sienne. V\u00eatus de manteaux noirs et de robes blanches, les fr\u00e8res d\u00e9ambul\u00e8rent de nouveau dans la cour monastique, comme ils le faisaient des si\u00e8cles auparavant, symbolisant ainsi que, m\u00eame dans un monde en perp\u00e9tuelle mutation, subsistent des valeurs intemporelles et une continuit\u00e9.  <\/span><\/p><p><span style=\"font-weight: 400\">Aujourd'hui, la mission dominicaine de Tallinn est toujours active. Fr\u00e8re Alain Arnould OP, originaire de Belgique, vit dans le petit monast\u00e8re. On y trouve \u00e9galement une communaut\u00e9 de la\u00efcs dominicains, qui partagent la spiritualit\u00e9 et les objectifs de l'ordre. La mission de Tallinn rel\u00e8ve de la province fran\u00e7aise de l'ordre.   <\/span><\/p><\/div><\/div>\n        <\/section>\t\t\t\t<\/div>\n\t\t\t\t<\/div>\n\t\t\t\t<div class=\"elementor-element elementor-element-e307204 elementor-widget elementor-widget-text-editor\" data-id=\"e307204\" data-element_type=\"widget\" data-e-type=\"widget\" data-widget_type=\"text-editor.default\">\n\t\t\t\t<div class=\"elementor-widget-container\">\n\t\t\t\t\t\t\t\t\t<p><strong>Si vous souhaitez en savoir plus sur l&rsquo;histoire du monast\u00e8re dominicain de Tallinn :  <\/strong><\/p><p><span style=\"font-weight: 400;\"><strong>Tiina Kala, pr\u00e9dicateurs et sauveurs d&rsquo;\u00e2mes. Ordre dominicain et monast\u00e8re Sainte-Catherine \u00e0 Tallinn <\/strong>, &lsquo;Acta Universitatis Tallinnensis&rsquo;, Tallinn 2013.<\/span><\/p>\t\t\t\t\t\t\t\t<\/div>\n\t\t\t\t<\/div>\n\t\t\t\t<div class=\"elementor-element elementor-element-ac5166c elementor-widget elementor-widget-aux_modern_button\" data-id=\"ac5166c\" data-element_type=\"widget\" data-e-type=\"widget\" data-widget_type=\"aux_modern_button.default\">\n\t\t\t\t<div class=\"elementor-widget-container\">\n\t\t\t\t\t    <div class=\"aux-modern-button-wrapper aux-modern-button-align-left\" >\n                    <a class=\"aux-modern-button aux-white aux-modern-button-md aux-modern-button-normal aux-modern-button-default aux-icon-\" href=\"https:\/\/books.google.ee\/books\/about\/Jutlustajad_ja_hingede_p%C3%A4%C3%A4stjad.html?id=s6sfDQAAQBAJ&#038;redir_esc=y\">\n                <div class=\"aux-overlay\"><\/div>\n                                <div class=\"aux-text\">\n<span class=\"aux-text-before\">Informations compl\u00e9mentaires sur le livre<\/span>                <\/div>\n            <\/a>\n            \n    <\/div>\n\n    \t\t\t\t<\/div>\n\t\t\t\t<\/div>\n\t\t\t\t<div class=\"elementor-element elementor-element-f7fc1a4 elementor-widget elementor-widget-text-editor\" data-id=\"f7fc1a4\" data-element_type=\"widget\" data-e-type=\"widget\" data-widget_type=\"text-editor.default\">\n\t\t\t\t<div class=\"elementor-widget-container\">\n\t\t\t\t\t\t\t\t\t<p><span style=\"font-weight: 400;\">L&rsquo;article de Marek Tamme \u00ab D\u00e9provincialiser la Livonie : le couvent Sainte-Catherine de Tallinn dans les r\u00e9seaux dominicains du XIIIe si\u00e8cle \u00bb fournit des informations suppl\u00e9mentaires sur l&rsquo;histoire des Dominicains en Estonie.  <\/span><\/p>\t\t\t\t\t\t\t\t<\/div>\n\t\t\t\t<\/div>\n\t\t\t\t<div class=\"elementor-element elementor-element-36df316 elementor-widget elementor-widget-aux_modern_button\" data-id=\"36df316\" data-element_type=\"widget\" data-e-type=\"widget\" data-widget_type=\"aux_modern_button.default\">\n\t\t\t\t<div class=\"elementor-widget-container\">\n\t\t\t\t\t    <div class=\"aux-modern-button-wrapper aux-modern-button-align-left\" >\n                    <a class=\"aux-modern-button aux-white aux-modern-button-md aux-modern-button-normal aux-modern-button-default aux-icon-right\" href=\"https:\/\/www.researchgate.net\/publication\/322534442_Deprovincialising_Livonia_St_Catherine&#039;s_Convent_of_Tallinn_in_Thirteenth-Century_Dominican_Networks_Forschungen_zum_Verhaltnis_zwischen_Zentrum_und_Peripherie_im_spaten_Mittelalter_Studies_on_the_Rel\">\n                <div class=\"aux-overlay\"><\/div>\n                                    <div class=\"aux-icon \">\n                        <i aria-hidden=\"true\" class=\"fas fa-file-download\"><\/i>                    <\/div>\n                                <div class=\"aux-text\">\n<span class=\"aux-text-before\">Vous pouvez trouver l'article ici.<\/span>                <\/div>\n            <\/a>\n            \n    <\/div>\n\n    \t\t\t\t<\/div>\n\t\t\t\t<\/div>\n\t\t\t\t<\/div>\n\t\t<div class=\"elementor-element elementor-element-ff71741 aux-appear-watch-animation aux-fade-in-left e-con-full e-flex e-con e-child\" data-id=\"ff71741\" data-element_type=\"container\" data-e-type=\"container\">\n\t\t\t\t<div class=\"elementor-element elementor-element-f4fb7cd elementor-widget elementor-widget-aux_image\" data-id=\"f4fb7cd\" data-element_type=\"widget\" data-e-type=\"widget\" data-widget_type=\"aux_image.default\">\n\t\t\t\t<div class=\"elementor-widget-container\">\n\t\t\t\t\t<section class=\"widget-container aux-widget-image aux-alignnone aux-parent-au9821e9a3\">\n    <div class=\"aux-media-hint-frame \">\n        <div class=\"aux-media-image \" >\n        \n            \n\n            \n            <img fetchpriority=\"high\" decoding=\"async\" width=\"1037\" height=\"950\" src=\"data:image\/gif;base64,R0lGODlhAQABAIAAAAAAAP\/\/\/yH5BAEAAAAALAAAAAABAAEAAAIBRAA7\" class=\"aux-attachment aux-featured-image aux-attachment-id-103 aux-preload aux-blank\" alt=\"t\u00e4nav\" data-ratio=\"1.09\" data-original-w=\"1920\" sizes=\"auto\" data-srcset=\"https:\/\/dominiiklased.ee\/wp-content\/uploads\/2025\/02\/tanav-scaled-150x137.jpg 150w,https:\/\/dominiiklased.ee\/wp-content\/uploads\/2025\/02\/tanav-scaled-300x275.jpg 300w,https:\/\/dominiiklased.ee\/wp-content\/uploads\/2025\/02\/tanav-scaled-768x704.jpg 768w,https:\/\/dominiiklased.ee\/wp-content\/uploads\/2025\/02\/tanav-scaled-1024x938.jpg 1024w,https:\/\/dominiiklased.ee\/wp-content\/uploads\/2025\/02\/tanav-scaled-1037x950.jpg 1037w\" data-src=\"https:\/\/dominiiklased.ee\/wp-content\/uploads\/2025\/02\/tanav-scaled-1037x950.jpg\" \/>            \n                <\/div>\n    <\/div>\n\n<\/section><!-- widget-container -->\t\t\t\t<\/div>\n\t\t\t\t<\/div>\n\t\t\t\t<\/div>\n\t\t\t\t<\/div>\n\t\t<div class=\"aux-parallax-section elementor-element elementor-element-9c4d537 e-con-full e-flex e-con e-parent\" data-id=\"9c4d537\" data-element_type=\"container\" data-e-type=\"container\" data-settings=\"{&quot;background_background&quot;:&quot;classic&quot;}\">\n\t\t<div class=\"elementor-element elementor-element-8e06f8d e-con-full e-flex e-con e-child\" data-id=\"8e06f8d\" data-element_type=\"container\" data-e-type=\"container\">\n\t\t\t\t<div data-premium-element-link=\"{&quot;type&quot;:&quot;link&quot;,&quot;link&quot;:null,&quot;href&quot;:&quot;https:\\\/\\\/dominiiklased.ee\\\/vend-alain\\\/&quot;}\" style=\"cursor: pointer\" class=\"elementor-element elementor-element-ce03081 elementor-widget__width-initial premium-wrapper-link-yes elementor-widget elementor-widget-aux_modern_heading\" data-id=\"ce03081\" data-element_type=\"widget\" data-e-type=\"widget\" data-widget_type=\"aux_modern_heading.default\">\n\t\t\t\t<div class=\"elementor-widget-container\">\n\t\t\t\t\t<section class=\"aux-widget-modern-heading\">\n            <div class=\"aux-widget-inner\"><h2 class=\"aux-modern-heading-primary\"><\/h2><h3 class=\"aux-modern-heading-secondary\"><span class=\"aux-head-before\">Fr\u00e8res en Estonie<\/span><\/h3><div class=\"aux-modern-heading-divider\"><\/div><div class=\"aux-modern-heading-description\"><p><strong>Alain Arnould OP<\/strong><\/p><p><span style=\"font-weight: 400\">1993 astus Jutlustajate Ordusse (Ordo Praedicatorum - dominiiklaste ordu) <\/span><span style=\"font-weight: 400\"><br><\/span><span style=\"font-weight: 400\">1999. En 1991, il a \u00e9t\u00e9 ordonn\u00e9 pr\u00eatre dans l'\u00c9glise catholique romaine.<\/span><span style=\"font-weight: 400\"><br><\/span><span style=\"font-weight: 400\">2001\u20132017 Aum\u00f4nier des artistes \u00e0 Bruxelles<\/span><span style=\"font-weight: 400\"><br><\/span><span style=\"font-weight: 400\">2017-2024 Conseiller du Ma\u00eetre de l'Ordre des Pr\u00eacheurs en Europe, Rome<\/span><span style=\"font-weight: 400\"><br><\/span><span style=\"font-weight: 400\">2024 \u2013 au monast\u00e8re Sainte-Catherine-de-Sienne \u00e0 Tallinn (sous la juridiction de la province fran\u00e7aise de l\u2019Ordre des Pr\u00eacheurs)<\/span><\/p><\/div><\/div>\n        <\/section>\t\t\t\t<\/div>\n\t\t\t\t<\/div>\n\t\t\t\t<div class=\"elementor-element elementor-element-58cb3d3 elementor-widget elementor-widget-aux_modern_button\" data-id=\"58cb3d3\" data-element_type=\"widget\" data-e-type=\"widget\" data-widget_type=\"aux_modern_button.default\">\n\t\t\t\t<div class=\"elementor-widget-container\">\n\t\t\t\t\t    <div class=\"aux-modern-button-wrapper aux-modern-button-align-left\" >\n                    <a class=\"aux-modern-button aux-white aux-modern-button-md aux-modern-button-normal aux-modern-button-default aux-icon-left\" href=\"https:\/\/dominiiklased.ee\/wp-content\/uploads\/2026\/03\/Vend-Alain-Arnould-OP.pdf\">\n                <div class=\"aux-overlay\"><\/div>\n                                    <div class=\"aux-icon \">\n                        <i aria-hidden=\"true\" class=\"far fa-file-pdf\"><\/i>                    <\/div>\n                                <div class=\"aux-text\">\n<span class=\"aux-text-before\">CV d'Alain Arnould<\/span>                <\/div>\n            <\/a>\n            \n    <\/div>\n\n    \t\t\t\t<\/div>\n\t\t\t\t<\/div>\n\t\t\t\t<\/div>\n\t\t<div class=\"elementor-element elementor-element-f75e99c e-con-full e-flex e-con e-child\" data-id=\"f75e99c\" data-element_type=\"container\" data-e-type=\"container\">\n\t\t\t\t<div class=\"elementor-element elementor-element-7b254b0 elementor-widget__width-initial elementor-widget elementor-widget-aux_modern_heading\" data-id=\"7b254b0\" data-element_type=\"widget\" data-e-type=\"widget\" data-widget_type=\"aux_modern_heading.default\">\n\t\t\t\t<div class=\"elementor-widget-container\">\n\t\t\t\t\t<section class=\"aux-widget-modern-heading\">\n            <div class=\"aux-widget-inner\"><h2 class=\"aux-modern-heading-primary\">ACTIVIT\u00c9S EN ESTONIE<\/h2><a href=\"https:\/\/dominiiklased.ee\/fra-angelico-vennaskond\/\" class=\"aux-modern-heading-secondary-link\"><h3 class=\"aux-modern-heading-secondary\"><span class=\"aux-head-before\">Confr\u00e9rie Fra Angelico<\/span><\/h3><\/a><div class=\"aux-modern-heading-divider\"><\/div><\/div>\n        <\/section>\t\t\t\t<\/div>\n\t\t\t\t<\/div>\n\t\t\t\t<div data-premium-element-link=\"{&quot;type&quot;:&quot;link&quot;,&quot;link&quot;:null,&quot;href&quot;:&quot;https:\\\/\\\/dominiiklased.ee\\\/pier-giorgio-frassati-ruhm\\\/&quot;}\" style=\"cursor: pointer\" class=\"elementor-element elementor-element-e209457 elementor-widget__width-initial premium-wrapper-link-yes elementor-widget elementor-widget-aux_modern_heading\" data-id=\"e209457\" data-element_type=\"widget\" data-e-type=\"widget\" data-widget_type=\"aux_modern_heading.default\">\n\t\t\t\t<div class=\"elementor-widget-container\">\n\t\t\t\t\t<section class=\"aux-widget-modern-heading\">\n            <div class=\"aux-widget-inner\"><h2 class=\"aux-modern-heading-primary\"><\/h2><h3 class=\"aux-modern-heading-secondary\"><span class=\"aux-head-before\">Le groupe de Fra Pier Giorgio Frassati<\/span><\/h3><div class=\"aux-modern-heading-divider\"><\/div><\/div>\n        <\/section>\t\t\t\t<\/div>\n\t\t\t\t<\/div>\n\t\t\t\t<\/div>\n\t\t\t\t<\/div>\n\t\t\t\t<\/div>\n\t\t","protected":false},"excerpt":{"rendered":"<p>\u00c0 PROPOS DE NOS ACTIVIT\u00c9S Le dominicainisme en Estonie Les fr\u00e8res dominicains arrivent \u00e0 Tallinn en 1226. ou 1229. en 1266, il \u00e9tablit un monast\u00e8re sur la colline de Tompea et s&rsquo;y installa. dans la ville basse, o\u00f9 subsiste encore une partie de l&rsquo;\u00e9difice m\u00e9di\u00e9val. 1990. Dans les ann\u00e9es 1990, l&rsquo;ordre dominicain, ou ordre des [&hellip;]<\/p>\n","protected":false},"author":1,"featured_media":0,"parent":0,"menu_order":0,"comment_status":"closed","ping_status":"closed","template":"templates\/page-builder-content.php","meta":{"footnotes":""},"class_list":["post-2813","page","type-page","status-publish","hentry"],"_links":{"self":[{"href":"https:\/\/dominiiklased.ee\/fr\/wp-json\/wp\/v2\/pages\/2813","targetHints":{"allow":["GET"]}}],"collection":[{"href":"https:\/\/dominiiklased.ee\/fr\/wp-json\/wp\/v2\/pages"}],"about":[{"href":"https:\/\/dominiiklased.ee\/fr\/wp-json\/wp\/v2\/types\/page"}],"author":[{"embeddable":true,"href":"https:\/\/dominiiklased.ee\/fr\/wp-json\/wp\/v2\/users\/1"}],"replies":[{"embeddable":true,"href":"https:\/\/dominiiklased.ee\/fr\/wp-json\/wp\/v2\/comments?post=2813"}],"version-history":[{"count":9,"href":"https:\/\/dominiiklased.ee\/fr\/wp-json\/wp\/v2\/pages\/2813\/revisions"}],"predecessor-version":[{"id":4905,"href":"https:\/\/dominiiklased.ee\/fr\/wp-json\/wp\/v2\/pages\/2813\/revisions\/4905"}],"wp:attachment":[{"href":"https:\/\/dominiiklased.ee\/fr\/wp-json\/wp\/v2\/media?parent=2813"}],"curies":[{"name":"wp","href":"https:\/\/api.w.org\/{rel}","templated":true}]}}