{"id":1498,"date":"2025-02-14T12:57:54","date_gmt":"2025-02-14T10:57:54","guid":{"rendered":"https:\/\/dominiiklased.ee\/thomas-daquin\/"},"modified":"2025-08-31T17:55:35","modified_gmt":"2025-08-31T14:55:35","slug":"thomas-daquin","status":"publish","type":"page","link":"https:\/\/dominiiklased.ee\/fr\/thomas-daquin\/","title":{"rendered":"Thomas d&rsquo;Aquin"},"content":{"rendered":"\t\t<div data-elementor-type=\"wp-page\" data-elementor-id=\"1498\" class=\"elementor elementor-1498 elementor-334\">\n\t\t\t\t<div class=\"aux-parallax-section elementor-element elementor-element-46e1247 e-flex e-con-boxed e-con e-parent\" data-id=\"46e1247\" data-element_type=\"container\" data-e-type=\"container\">\n\t\t\t\t\t<div class=\"e-con-inner\">\n\t\t<div class=\"elementor-element elementor-element-baae426 e-con-full e-flex e-con e-child\" data-id=\"baae426\" data-element_type=\"container\" data-e-type=\"container\">\n\t\t\t\t<div class=\"elementor-element elementor-element-ab98aaa aux-appear-watch-animation aux-fade-in-up elementor-widget elementor-widget-aux_modern_heading\" data-id=\"ab98aaa\" data-element_type=\"widget\" data-e-type=\"widget\" data-widget_type=\"aux_modern_heading.default\">\n\t\t\t\t<div class=\"elementor-widget-container\">\n\t\t\t\t\t<section class=\"aux-widget-modern-heading\">\n            <div class=\"aux-widget-inner\"><h2 class=\"aux-modern-heading-primary\">Dominicains \u00e9minents<\/h2><h3 class=\"aux-modern-heading-secondary\"><span class=\"aux-head-before\">Saint Thomas d'Aquin (1225\u20131274)  <\/span><span class=\"aux-head-after\">\u2013 philosophe et th\u00e9ologien<\/span><\/h3><div class=\"aux-modern-heading-divider\"><\/div><div class=\"aux-modern-heading-description\"><p><span style=\"font-weight: 400\">Saint Thomas d'Aquin \u00e9tait<\/span> un philosophe, th\u00e9ologien et \u00e9rudit dominicain.<span style=\"font-weight: 400\">, qui est l\u2019une des figures les plus importantes de l\u2019histoire de la pens\u00e9e occidentale. Son influence sur la th\u00e9ologie et la philosophie catholiques est \u00e9norme, et nombre de ses id\u00e9es sont toujours d\u2019actualit\u00e9. Il a combin\u00e9 la philosophie aristot\u00e9licienne avec la doctrine chr\u00e9tienne et a cr\u00e9\u00e9    <\/span>Le thomisme <span style=\"font-weight: 400\">, qui est le syst\u00e8me philosophique et th\u00e9ologique officiel de l'\u00c9glise catholique.<\/span><\/p><h4><b>Jeunesse et \u00e9ducation<\/b><\/h4><p>Thomas est n\u00e9 en 1225 \u00e0 Roccasecca, en Italie. <span style=\"font-weight: 400\">, qui appartenait \u00e0 cette \u00e9poque au Royaume de Sicile. Il venait d'une famille noble influente d'Aquino et fut envoy\u00e9 \u00e9tudier au monast\u00e8re b\u00e9n\u00e9dictin du Mont-Cassin \u00e0 un jeune \u00e2ge parce que sa famille avait de grandes attentes : il devait devenir abb\u00e9. <\/span><\/p><p><span style=\"font-weight: 400\">Mais m\u00eame en tant que jeune homme, Thomas ressentait le besoin d\u2019apprendre quelque chose de plus. Il s'est dirig\u00e9   <\/span>Universit\u00e9 de Naples<span style=\"font-weight: 400\">, o\u00f9 il entra en contact avec la philosophie d'Aristote et les enseignements des Dominicains. C'est l\u00e0 qu'il a d\u00e9cid\u00e9 d'intervenir.   <\/span>\u00e0 l'ordre dominicain<span style=\"font-weight: 400\">, ce qui a provoqu\u00e9 une grande opposition dans sa famille. Ses fr\u00e8res l'enlev\u00e8rent et le tinrent en r\u00e9sidence surveill\u00e9e pendant une ann\u00e9e enti\u00e8re pour le faire renoncer \u00e0 devenir moine, mais Thomas resta ferme. Finalement, sa famille a d\u00fb le lib\u00e9rer et il est parti \u00e9tudier.    <\/span>Paris et Cologne <span style=\"font-weight: 400\">, o\u00f9 il re\u00e7ut \u00e9galement l'instruction de saint Albert le Grand.<\/span><\/p><h4><b>Scientifique et \u00e9rudit<\/b><\/h4><p>Thomas est rapidement devenu un th\u00e9ologien et un philosophe reconnu<span style=\"font-weight: 400\">, qui enseigna dans les universit\u00e9s de Paris, Rome et Naples. Il \u00e9tait un \u00e9crivain exceptionnellement prolifique et ses \u0153uvres ont profond\u00e9ment influenc\u00e9 la th\u00e9ologie catholique et la philosophie occidentale. <\/span><\/p><h4><b>\u0152uvres les plus connues<\/b><\/h4><p><b>Summa Theologiae<\/b> <span style=\"font-weight: 400\">\u2013 son \u0153uvre la plus c\u00e9l\u00e8bre, qui est un \u00e9norme manuel th\u00e9ologique, divis\u00e9 en trois parties :<\/span><\/p><ul><li style=\"font-weight: 400\"><span style=\"font-weight: 400\">La nature et l'existence de Dieu<\/span><\/li><li style=\"font-weight: 400\"><span style=\"font-weight: 400\">nature humaine et moralit\u00e9<\/span><\/li><li style=\"font-weight: 400\"><span style=\"font-weight: 400\">Le Christ, la R\u00e9demption et les sacrements<\/span><\/li><\/ul><p><b>Summa Contra Gentiles<\/b> <span style=\"font-weight: 400\">\u2013 un ouvrage destin\u00e9 principalement aux adeptes de l\u2019Islam et d\u2019autres religions, d\u00e9fendant la foi chr\u00e9tienne avec des arguments rationnels.<\/span><\/p><p><b>Commentaires sur les \u0153uvres d'Aristote<\/b> <span style=\"font-weight: 400\">\u2013 Thomas a interpr\u00e9t\u00e9 et d\u00e9velopp\u00e9 les id\u00e9es d'Aristote et a montr\u00e9 comment elles s'accordaient avec l'enseignement chr\u00e9tien.<\/span><\/p><h4><b>Philosophie et enseignement<\/b><\/h4><p>Au c\u0153ur de la philosophie de Thomas d\u2019Aquin se trouve l\u2019harmonie de la raison et de la foi. Il croyait que l\u2019homme pouvait parvenir \u00e0 la connaissance de la v\u00e9rit\u00e9 par la raison, mais que la v\u00e9rit\u00e9 compl\u00e8te n\u2019\u00e9tait accessible que par la r\u00e9v\u00e9lation. <\/p><p>Il y a plusieurs concepts importants dans son enseignement :<br>Preuves de l'existence de Dieu \u2013 Cinq arguments rationnels en faveur de l'existence de Dieu (connus sous le nom de \u00ab Cinq voies de Thomas d'Aquin \u00bb).<br>La relation entre la nature et la gr\u00e2ce \u2013 la nature humaine est bonne, mais a besoin de la gr\u00e2ce de Dieu pour atteindre la perfection.<br>Vertus et \u00e9thique <span style=\"font-weight: 400\">\u2013 s'appuyait sur les id\u00e9es d'Aristote, mais les reliait \u00e0 la doctrine chr\u00e9tienne.<\/span><\/p><h4><b>Influence et h\u00e9ritage<\/b><\/h4><p><span style=\"font-weight: 400\">Ses enseignements sont devenus<\/span> <b>la philosophie et la th\u00e9ologie officielles de l\u2019\u00c9glise catholique.<\/b><\/p><p><span style=\"font-weight: 400\">1323. Il a \u00e9t\u00e9 d\u00e9clar\u00e9 saint en 2011.<\/span><\/p><p><span style=\"font-weight: 400\">1567. En 1511, il devient docteur de l'\u00c9glise (Doctor Angelicus \u2013 \u00ab Docteur ang\u00e9lique \u00bb).<\/span><\/p><p><span style=\"font-weight: 400\">1879. En 1811, le pape L\u00e9on XIII confirma que le thomisme \u00e9tait le fondement officiel de la philosophie catholique.<\/span><\/p><h4><b>Mort et canonisation<\/b><\/h4><p><span style=\"font-weight: 400\">Thomas d'Aquin meurt le 7 mars 1274, alors qu'il se rend au concile de Lyon. On pense que la cause de son d\u00e9c\u00e8s est due \u00e0 un surmenage et \u00e0 une sant\u00e9 affaiblie. Sa tombe se trouve \u00e0 Toulouse, en France.    <\/span><\/p><h3><b>Pourquoi est-il important ?<\/b><\/h3><p><span style=\"font-weight: 400\">Les pens\u00e9es et les \u00e9crits de Thomas d\u2019Aquin ont fortement influenc\u00e9 la philosophie europ\u00e9enne et la th\u00e9ologie chr\u00e9tienne. Ses id\u00e9es perdurent dans l\u2019enseignement catholique et influencent \u00e9galement les th\u00e9ologiens, les philosophes et les moralistes modernes. <\/span><\/p><\/div><\/div>\n        <\/section>\t\t\t\t<\/div>\n\t\t\t\t<\/div>\n\t\t\t\t<\/div>\n\t\t<div class=\"elementor-element elementor-element-3704b04 aux-appear-watch-animation aux-scale-down e-con-full e-flex e-con e-child\" data-id=\"3704b04\" data-element_type=\"container\" data-e-type=\"container\">\n\t\t\t\t<div class=\"elementor-element elementor-element-8db1082 elementor-widget elementor-widget-aux_image\" data-id=\"8db1082\" data-element_type=\"widget\" data-e-type=\"widget\" data-widget_type=\"aux_image.default\">\n\t\t\t\t<div class=\"elementor-widget-container\">\n\t\t\t\t\t<section class=\"widget-container aux-widget-image aux-alignnone aux-parent-au9ae3af02\">\n    <div class=\"aux-media-hint-frame \">\n        <div class=\"aux-media-image \" >\n        \n            \n\n            \n            <img fetchpriority=\"high\" decoding=\"async\" width=\"800\" height=\"1199\" src=\"data:image\/gif;base64,R0lGODlhAQABAIAAAAAAAP\/\/\/yH5BAEAAAAALAAAAAABAAEAAAIBRAA7\" class=\"aux-attachment aux-featured-image aux-attachment-id-324 aux-preload aux-blank\" alt=\"St-thomas-aquinas\" data-ratio=\"0.67\" data-original-w=\"800\" data-src=\"https:\/\/dominiiklased.ee\/wp-content\/uploads\/2025\/02\/St-thomas-aquinas.jpg\" \/>            \n                <\/div>\n    <\/div>\n\n<\/section><!-- widget-container -->\t\t\t\t<\/div>\n\t\t\t\t<\/div>\n\t\t\t\t<div class=\"elementor-element elementor-element-0c5e728 elementor-widget elementor-widget-text-editor\" data-id=\"0c5e728\" data-element_type=\"widget\" data-e-type=\"widget\" data-widget_type=\"text-editor.default\">\n\t\t\t\t<div class=\"elementor-widget-container\">\n\t\t\t\t\t\t\t\t\t<p>https:\/\/et.wikipedia.org\/wiki\/Aquino_Thomas<\/p>\t\t\t\t\t\t\t\t<\/div>\n\t\t\t\t<\/div>\n\t\t\t\t<\/div>\n\t\t\t\t\t<\/div>\n\t\t\t\t<\/div>\n\t\t\t\t<\/div>\n\t\t","protected":false},"excerpt":{"rendered":"<p>Dominicains \u00e9minents Saint Thomas d&rsquo;Aquin (1225\u20131274) \u2013 philosophe et th\u00e9ologien Saint Thomas d&rsquo;Aquin \u00e9tait un philosophe, th\u00e9ologien et \u00e9rudit dominicain., qui est l\u2019une des figures les plus importantes de l\u2019histoire de la pens\u00e9e occidentale. Son influence sur la th\u00e9ologie et la philosophie catholiques est \u00e9norme, et nombre de ses id\u00e9es sont toujours d\u2019actualit\u00e9. Il a [&hellip;]<\/p>\n","protected":false},"author":1,"featured_media":0,"parent":0,"menu_order":0,"comment_status":"closed","ping_status":"closed","template":"templates\/page-builder-content.php","meta":{"footnotes":""},"class_list":["post-1498","page","type-page","status-publish","hentry"],"_links":{"self":[{"href":"https:\/\/dominiiklased.ee\/fr\/wp-json\/wp\/v2\/pages\/1498","targetHints":{"allow":["GET"]}}],"collection":[{"href":"https:\/\/dominiiklased.ee\/fr\/wp-json\/wp\/v2\/pages"}],"about":[{"href":"https:\/\/dominiiklased.ee\/fr\/wp-json\/wp\/v2\/types\/page"}],"author":[{"embeddable":true,"href":"https:\/\/dominiiklased.ee\/fr\/wp-json\/wp\/v2\/users\/1"}],"replies":[{"embeddable":true,"href":"https:\/\/dominiiklased.ee\/fr\/wp-json\/wp\/v2\/comments?post=1498"}],"version-history":[{"count":8,"href":"https:\/\/dominiiklased.ee\/fr\/wp-json\/wp\/v2\/pages\/1498\/revisions"}],"predecessor-version":[{"id":3983,"href":"https:\/\/dominiiklased.ee\/fr\/wp-json\/wp\/v2\/pages\/1498\/revisions\/3983"}],"wp:attachment":[{"href":"https:\/\/dominiiklased.ee\/fr\/wp-json\/wp\/v2\/media?parent=1498"}],"curies":[{"name":"wp","href":"https:\/\/api.w.org\/{rel}","templated":true}]}}